{"id":9257,"date":"2025-07-20T09:52:44","date_gmt":"2025-07-20T07:52:44","guid":{"rendered":"https:\/\/fantasy-model.de\/sesiones-de-fotos-de-fantasia-para-modelos-masculinos-conviertete-en-vampiro-hombre-lobo-o-demonio-en-sprungbrett-bafmw\/"},"modified":"2025-07-20T09:52:44","modified_gmt":"2025-07-20T07:52:44","slug":"sesiones-de-fotos-de-fantasia-para-modelos-masculinos-conviertete-en-vampiro-hombre-lobo-o-demonio-en-sprungbrett-bafmw","status":"publish","type":"page","link":"https:\/\/fantasy-model.de\/es\/sesiones-de-fotos-de-fantasia-para-modelos-masculinos-conviertete-en-vampiro-hombre-lobo-o-demonio-en-sprungbrett-bafmw\/","title":{"rendered":"Sesiones de fotos de fantas\u00eda para modelos masculinos: convi\u00e9rtete en vampiro, hombre lobo o demonio en Sprungbrett BAfmW"},"content":{"rendered":"<figure id=\"attachment_9051\" aria-describedby=\"caption-attachment-9051\" style=\"width: 300px\" class=\"wp-caption alignright\"><a href=\"https:\/\/fantasy-model.de\/wp-content\/uploads\/\/Sprungbrett-BafmW-300x233.jpg\" target=\"_blank\" rel=\"noopener\"><img fetchpriority=\"high\" decoding=\"async\" class=\"wp-image-3890 size-medium\" title=\"Berkan Aydin en una sesi\u00f3n de fotos de fantas\u00eda como lobo adolescente frente a la c\u00e1mara de Barbara Frommann\" src=\"https:\/\/fantasy-model.de\/wp-content\/uploads\/\/Sprungbrett-BafmW-300x233.jpg\" alt=\"Berkan Aydin en una sesi\u00f3n de fotos de fantas\u00eda como lobo adolescente frente a la c\u00e1mara de Barbara Frommann\" width=\"300\" height=\"233\" srcset=\"https:\/\/fantasy-model.de\/wp-content\/uploads\/Sprungbrett-BafmW-300x233.jpg 300w, https:\/\/fantasy-model.de\/wp-content\/uploads\/Sprungbrett-BafmW-150x117.jpg 150w, https:\/\/fantasy-model.de\/wp-content\/uploads\/Sprungbrett-BafmW-768x598.jpg 768w, https:\/\/fantasy-model.de\/wp-content\/uploads\/Sprungbrett-BafmW.jpg 1280w\" sizes=\"(max-width: 300px) 100vw, 300px\" \/><\/a><figcaption id=\"caption-attachment-9051\" class=\"wp-caption-text\">Berkan Aydin en una sesi\u00f3n de fotos de fantas\u00eda como lobo adolescente frente a la c\u00e1mara de Barbara Frommann<\/figcaption><\/figure>\n<p>\u00bfTe encanta jugar con la transformaci\u00f3n? \u00bfQuieres mostrarte como un vampiro genial, un hombre lobo atractivo o un demonio seductor, en mundos de im\u00e1genes sombr\u00edos y est\u00e9ticamente sofisticados, llenos de magia y sensualidad? \u00a1Entonces una sesi\u00f3n de fotos de fantas\u00eda en el <strong>Studio Sprungbrett BAfmW<\/strong> es justo lo que necesitas!  <\/p>\n<p><a href=\"https:\/\/fantasy-model.de\/de\/talent\/barbara-frommann\/\">Barbara Frommann<\/a> y <a href=\"https:\/\/fantasy-model.de\/de\/talent\/klaus-maresch\/\">Klaus Maresch<\/a> se han especializado en puestas en escena extraordinarias, con un enfoque especial en <strong>modelos masculinos<\/strong> que tienen ganas de meterse en papeles fant\u00e1sticos y, al hacerlo, poner en escena su carisma, su cuerpo y su creatividad. Tanto si ya tienes experiencia como si es la primera vez que te pones delante de la c\u00e1mara, sacaremos lo mejor de ti. <\/p>\n<p><strong>La fantas\u00eda se hace realidad: el mundo m\u00e1gico de im\u00e1genes de Barbara Frommann &amp; Klaus Maresch<\/strong><\/p>\n<p>En un mundo donde la realidad y la imaginaci\u00f3n se desdibujan, la fot\u00f3grafa <strong>Barbara Frommann<\/strong> y el autor y editor de fantas\u00eda <strong>Klaus Maresch<\/strong> crean mundos de im\u00e1genes impresionantes que podr\u00edan provenir directamente de una novela de fantas\u00eda. Juntos se han especializado en <strong>sesiones de fotos de fantas\u00eda<\/strong>, donde cada detalle se planifica cuidadosamente y se implementa art\u00edsticamente, desde el escenario hasta el atrezzo. <\/p>\n<h3>Barbara Frommann: magia en el estudio<\/h3>\n<figure id=\"attachment_9087\" aria-describedby=\"caption-attachment-9087\" style=\"width: 300px\" class=\"wp-caption alignleft\"><a href=\"https:\/\/fantasy-model.de\/wp-content\/uploads\/\/Sascha_montiert_1243-300x200.jpg\" target=\"_blank\" rel=\"noopener\"><img decoding=\"async\" class=\"wp-image-4210 size-medium\" title=\"Sascha Vaegs como se\u00f1or vampiro. Edici\u00f3n de imagen de Barbara Frommann\" src=\"https:\/\/fantasy-model.de\/wp-content\/uploads\/\/Sascha_montiert_1243-300x200.jpg\" alt=\"Sascha Vaegs como se\u00f1or vampiro. Edici\u00f3n de imagen de Barbara Frommann\" width=\"300\" height=\"200\" srcset=\"https:\/\/fantasy-model.de\/wp-content\/uploads\/Sascha_montiert_1243-300x200.jpg 300w, https:\/\/fantasy-model.de\/wp-content\/uploads\/Sascha_montiert_1243-150x100.jpg 150w, https:\/\/fantasy-model.de\/wp-content\/uploads\/Sascha_montiert_1243-768x512.jpg 768w, https:\/\/fantasy-model.de\/wp-content\/uploads\/Sascha_montiert_1243-1536x1024.jpg 1536w, https:\/\/fantasy-model.de\/wp-content\/uploads\/Sascha_montiert_1243.jpg 1600w\" sizes=\"(max-width: 300px) 100vw, 300px\" \/><\/a><figcaption id=\"caption-attachment-9087\" class=\"wp-caption-text\">Sascha Vaegs como se\u00f1or vampiro. Edici\u00f3n de imagen de Barbara Frommann<\/figcaption><\/figure>\n<p>Barbara Frommann es la fuerza creativa detr\u00e1s de la c\u00e1mara cuando se trata de <strong>grabaciones de estudio con t\u00e9cnica de pantalla verde<\/strong>. Su fuerte reside en la <strong>composici\u00f3n digital posterior<\/strong>, en la que combina sus retratos con <strong>fondos fant\u00e1sticos<\/strong> elaboradamente dise\u00f1ados. Ya sean bosques m\u00edsticos, ruinas de castillos sombr\u00edos o paisajes de ensue\u00f1o surrealistas hasta la <a href=\"https:\/\/fantasy-model.de\/de\/cooler-teenwolf-vor-dem-sterntor-in-bonn\/\">Sterntor<\/a>, la Georgskapelle o las tumbas del antiguo cementerio de Bonn, ella le da a cada toma profundidad, atm\u00f3sfera y un toque cinematogr\u00e1fico.  <\/p>\n<p>Gracias a su experiencia y a su mirada entrenada como fot\u00f3grafa profesional, surgen im\u00e1genes que van mucho m\u00e1s all\u00e1 de los retratos cl\u00e1sicos: son <strong>narraciones visuales<\/strong> que transportan al espectador a otros mundos.<\/p>\n<h3>Klaus Maresch: atrezzo y puesta en escena<\/h3>\n<figure id=\"attachment_4851\" aria-describedby=\"caption-attachment-4851\" style=\"width: 225px\" class=\"wp-caption alignright\"><a href=\"https:\/\/fantasy-model.de\/wp-content\/uploads\/\/Werwolfgebiss-von-alphabite-225x300.jpg\" target=\"_blank\" rel=\"noopener\"><img decoding=\"async\" class=\"wp-image-2728 size-medium\" title=\"Una dentadura postiza de hombre lobo hecha por alphabite para una sesi\u00f3n de fotos de modelos de fantas\u00eda. (Foto: alphabite)\" src=\"https:\/\/fantasy-model.de\/wp-content\/uploads\/\/Werwolfgebiss-von-alphabite-225x300.jpg\" alt=\"Una dentadura postiza de hombre lobo hecha por alphabite para una sesi\u00f3n de fotos de modelos de fantas\u00eda. (Foto: alphabite)\" width=\"225\" height=\"300\" srcset=\"https:\/\/fantasy-model.de\/wp-content\/uploads\/Werwolfgebiss-von-alphabite-225x300.jpg 225w, https:\/\/fantasy-model.de\/wp-content\/uploads\/Werwolfgebiss-von-alphabite-900x1200.jpg 900w, https:\/\/fantasy-model.de\/wp-content\/uploads\/Werwolfgebiss-von-alphabite-113x150.jpg 113w, https:\/\/fantasy-model.de\/wp-content\/uploads\/Werwolfgebiss-von-alphabite-768x1024.jpg 768w, https:\/\/fantasy-model.de\/wp-content\/uploads\/Werwolfgebiss-von-alphabite-1152x1536.jpg 1152w, https:\/\/fantasy-model.de\/wp-content\/uploads\/Werwolfgebiss-von-alphabite.jpg 1536w\" sizes=\"(max-width: 225px) 100vw, 225px\" \/><\/a><figcaption id=\"caption-attachment-4851\" class=\"wp-caption-text\">Una dentadura postiza de hombre lobo hecha por alphabite para una sesi\u00f3n de fotos de modelo. (Foto: alphabite)<\/figcaption><\/figure>\n<p>Klaus Maresch, por su parte, es responsable del <strong>entorno conceptual y el equipamiento<\/strong> de las sesiones de fotos. Con ojo para los detalles, transforma a los modelos en criaturas m\u00edticas, arist\u00f3cratas oscuros o guerreros postapocal\u00edpticos. (Aunque las adquisiciones que, en su opini\u00f3n, son sensatas y muy necesarias, a veces le causan <a href=\"https:\/\/fantasy-model.de\/de\/sinnvolle-anschaffungen-aus-uranglas\/\">pesadillas<\/a> a su marido, pero ese es otro tema).  <\/p>\n<p>El fondo de atrezzo de Sprungbrett BAfmW abarca desde <strong>lentes de contacto UV<\/strong>, <strong>FX-Teeth<\/strong> y <strong>garras<\/strong>, hasta <strong>textiles cuidadosamente seleccionados en estilo g\u00f3tico y victoriano de Boudoir Noir, PunkRave y Devilnight<\/strong>. Cada elemento sirve para dar vida al personaje deseado: nada se deja al azar. Tambi\u00e9n la configuraci\u00f3n de la luz y el entorno f\u00edsico en el set llevan su firma, lo que convierte cada sesi\u00f3n de fotos en una experiencia inmersiva para los participantes.  <\/p>\n<h3>Una simbiosis de t\u00e9cnica y fantas\u00eda<\/h3>\n<figure id=\"attachment_8999\" aria-describedby=\"caption-attachment-8999\" style=\"width: 300px\" class=\"wp-caption alignleft\"><a href=\"https:\/\/fantasy-model.de\/wp-content\/uploads\/\/Portraet-Frederik-Schrade-300x300.jpg\" target=\"_blank\" rel=\"noopener\"><img loading=\"lazy\" decoding=\"async\" class=\"wp-image-3803 size-medium\" title=\"Frederik Schrade, modelo y alumno del Collegium Josephinum Bonn (Foto: Barbara Frommann)\" src=\"https:\/\/fantasy-model.de\/wp-content\/uploads\/\/Portraet-Frederik-Schrade-300x300.jpg\" alt=\"Frederik Schrade, modelo y alumno del Collegium Josephinum Bonn (Foto: Barbara Frommann)\" width=\"300\" height=\"300\" srcset=\"https:\/\/fantasy-model.de\/wp-content\/uploads\/Portraet-Frederik-Schrade-300x300.jpg 300w, https:\/\/fantasy-model.de\/wp-content\/uploads\/Portraet-Frederik-Schrade-150x150.jpg 150w, https:\/\/fantasy-model.de\/wp-content\/uploads\/Portraet-Frederik-Schrade-768x768.jpg 768w, https:\/\/fantasy-model.de\/wp-content\/uploads\/Portraet-Frederik-Schrade.jpg 799w\" sizes=\"(max-width: 300px) 100vw, 300px\" \/><\/a><figcaption id=\"caption-attachment-8999\" class=\"wp-caption-text\">Frederik Schrade, modelo y alumno del Collegium Josephinum Bonn (Foto: Barbara Frommann)<\/figcaption><\/figure>\n<p>Barbara Frommann y Klaus Maresch trabajan juntos desde hace a\u00f1os en una colaboraci\u00f3n armoniosa y con mucho humor: mientras ella ofrece una composici\u00f3n de imagen digital al m\u00e1s alto nivel, \u00e9l proporciona una base aut\u00e9ntica y tangible a trav\u00e9s del atrezzo y el estilismo.<\/p>\n<p>Sus trabajos conjuntos representan <strong>fantas\u00eda, precisi\u00f3n y pasi\u00f3n<\/strong>, una mezcla que se siente en cada una de sus obras.<\/p>\n<p>Ya sea para cosplayers, entusiastas del LARP o simplemente amantes de las puestas en escena fant\u00e1sticas, las sesiones de fotos de Frommann y Maresch son <strong>un portal a otros mundos<\/strong>.<\/p>\n<h2>Lo que te espera en una sesi\u00f3n de fotos de fantas\u00eda:<\/h2>\n<ul>\n<li><strong>Atrezzo profesional<\/strong> como lentes de contacto UV luminosas, joyas de fantas\u00eda de Drippy Amsterdam, telas y accesorios m\u00edsticos<\/li>\n<li><strong>Colmillos de vampiro hechos a medida por <a href=\"https:\/\/alphabite.de\/de\/\" target=\"_blank\" rel=\"noopener\">alphabite<\/a><\/strong> que se ajustan perfectamente y parecen absolutamente reales<\/li>\n<li><strong>Apoyo de maquilladores<\/strong> para un estilismo expresivo, desde un cutis g\u00f3tico p\u00e1lido hasta la transformaci\u00f3n demon\u00edaca<\/li>\n<li><strong>Escenarios en el estudio<\/strong> en <strong>estilo g\u00f3tico o victoriano<\/strong> con muebles sombr\u00edos, candelabros y un ambiente de luz ahumada<\/li>\n<li><strong>Sesiones de fotos al aire libre en la Georgskapelle en el antiguo cementerio de Bonn<\/strong>, al atardecer o en la hora azul frente al Sterntor, para obtener im\u00e1genes con la m\u00e1xima atm\u00f3sfera<\/li>\n<\/ul>\n<p>\u00bfQuieres mostrar lo atractivo que puede ser un hombre lobo con una camisa ensangrentada y desgarrada? \u00bfO quieres enfatizar tu elegancia como vampiro noble con un atuendo victoriano de PunkRave y <a href=\"https:\/\/fantasy-model.de\/de\/setting-blutiges-fantasyshooting\/\">Devilnight<\/a>? Con nosotros puedes probar todo eso, fotografiado profesionalmente y con im\u00e1genes que seguro que no olvidar\u00e1s pronto.  <\/p>\n<p>\u00bf<strong>Inter\u00e9s?<\/strong> Entonces solicita ahora una sesi\u00f3n de fotos de fantas\u00eda en el Studio Sprungbrett BAfmW.<br \/>\nTambi\u00e9n los j\u00f3venes a partir de <strong>16 a\u00f1os<\/strong> son bienvenidos a adquirir sus primeras experiencias en el campo de las sesiones de fotos de fantas\u00eda y modelos.<br \/>\nAqu\u00ed no solo cuenta tu apariencia, sino tu carisma, tu coraje para meterte en el papel y tus ganas de jugar con la fantas\u00eda y la seducci\u00f3n.<\/p>\n<p><strong>Convi\u00e9rtete en parte de otro mundo, delante de la c\u00e1mara.<\/strong><\/p>\n","protected":false},"excerpt":{"rendered":"<p>\u00bfTe encanta jugar con la transformaci\u00f3n? \u00bfQuieres mostrarte como un vampiro genial, un hombre lobo atractivo o un demonio seductor, en mundos de im\u00e1genes sombr\u00edos y est\u00e9ticamente sofisticados, llenos de magia y sensualidad? \u00a1Entonces una sesi\u00f3n de fotos de fantas\u00eda en el Studio Sprungbrett BAfmW es justo lo que necesitas! Barbara Frommann y Klaus Maresch [&hellip;]<\/p>\n","protected":false},"author":4,"featured_media":6455,"parent":0,"menu_order":0,"comment_status":"closed","ping_status":"closed","template":"","meta":{"footnotes":"","_members_access_role":[],"_members_access_error":""},"class_list":["post-9257","page","type-page","status-publish","has-post-thumbnail","hentry"],"_links":{"self":[{"href":"https:\/\/fantasy-model.de\/es\/wp-json\/wp\/v2\/pages\/9257","targetHints":{"allow":["GET"]}}],"collection":[{"href":"https:\/\/fantasy-model.de\/es\/wp-json\/wp\/v2\/pages"}],"about":[{"href":"https:\/\/fantasy-model.de\/es\/wp-json\/wp\/v2\/types\/page"}],"author":[{"embeddable":true,"href":"https:\/\/fantasy-model.de\/es\/wp-json\/wp\/v2\/users\/4"}],"replies":[{"embeddable":true,"href":"https:\/\/fantasy-model.de\/es\/wp-json\/wp\/v2\/comments?post=9257"}],"version-history":[{"count":0,"href":"https:\/\/fantasy-model.de\/es\/wp-json\/wp\/v2\/pages\/9257\/revisions"}],"wp:featuredmedia":[{"embeddable":true,"href":"https:\/\/fantasy-model.de\/es\/wp-json\/wp\/v2\/media\/6455"}],"wp:attachment":[{"href":"https:\/\/fantasy-model.de\/es\/wp-json\/wp\/v2\/media?parent=9257"}],"curies":[{"name":"wp","href":"https:\/\/api.w.org\/{rel}","templated":true}]}}